{"id":28878,"date":"2018-04-18T18:16:18","date_gmt":"2018-04-18T16:16:18","guid":{"rendered":"http:\/\/schreinereigeorgmueller.de\/?page_id=28878"},"modified":"2019-07-27T11:15:20","modified_gmt":"2019-07-27T09:15:20","slug":"schreinerei","status":"publish","type":"page","link":"https:\/\/schreinereigeorgmueller.de\/index.php\/schreinerei\/","title":{"rendered":"Schreinerei"},"content":{"rendered":"<p>[et_pb_section fb_built=&#8220;1&#8243; fullwidth=&#8220;on&#8220; custom_padding_last_edited=&#8220;on|desktop&#8220; disabled_on=&#8220;on|on|&#8220; _builder_version=&#8220;3.22&#8243; background_color=&#8220;rgba(94,94,94,0.37)&#8220; use_background_color_gradient=&#8220;on&#8220; background_color_gradient_start=&#8220;#540505&#8243; background_color_gradient_end=&#8220;#961212&#8243; background_image=&#8220;http:\/\/schreinereigeorgmueller.de\/wp-content\/uploads\/2018\/04\/DSC01081.jpg&#8220; allow_player_pause=&#8220;on&#8220; custom_padding_tablet=&#8220;50px|0|50px|0&#8243;][et_pb_fullwidth_header title=&#8220;Die Schreinerei&#8220; text_orientation=&#8220;center&#8220; header_fullscreen=&#8220;on&#8220; header_scroll_down=&#8220;on&#8220; scroll_down_icon=&#8220;%%0%%&#8220; scroll_down_icon_color=&#8220;#ffffff&#8220; background_overlay_color=&#8220;rgba(0,0,0,0.0)&#8220; title_font_color=&#8220;#ffffff&#8220; subhead_font_color=&#8220;#333333&#8243; content_font_color=&#8220;#cdbfa1&#8243; _builder_version=&#8220;3.16&#8243; title_font=&#8220;Raleway Light||&#8220; title_text_color=&#8220;#ffffff&#8220; title_font_size=&#8220;70px&#8220; content_font=&#8220;|on|&#8220; content_text_color=&#8220;#cdbfa1&#8243; content_font_size=&#8220;16px&#8220; subhead_text_color=&#8220;#333333&#8243; background_color=&#8220;rgba(255,255,255,0.0)&#8220; parallax=&#8220;on&#8220; parallax_method=&#8220;on&#8220; background_layout=&#8220;light&#8220; saved_tabs=&#8220;all&#8220; button_one_text_size__hover_enabled=&#8220;off&#8220; button_two_text_size__hover_enabled=&#8220;off&#8220; button_one_text_color__hover_enabled=&#8220;off&#8220; button_two_text_color__hover_enabled=&#8220;off&#8220; button_one_border_width__hover_enabled=&#8220;off&#8220; button_two_border_width__hover_enabled=&#8220;off&#8220; button_one_border_color__hover_enabled=&#8220;off&#8220; button_two_border_color__hover_enabled=&#8220;off&#8220; button_one_border_radius__hover_enabled=&#8220;off&#8220; button_two_border_radius__hover_enabled=&#8220;off&#8220; button_one_letter_spacing__hover_enabled=&#8220;off&#8220; button_two_letter_spacing__hover_enabled=&#8220;off&#8220; button_one_bg_color__hover_enabled=&#8220;off&#8220; button_two_bg_color__hover_enabled=&#8220;off&#8220;][\/et_pb_fullwidth_header][\/et_pb_section][et_pb_section fb_built=&#8220;1&#8243; fullwidth=&#8220;on&#8220; disabled_on=&#8220;off|off|on&#8220; _builder_version=&#8220;3.22&#8243; background_image=&#8220;http:\/\/schreinereigeorgmueller.de\/wp-content\/uploads\/2018\/04\/DSC01081.jpg&#8220;][et_pb_fullwidth_header text_orientation=&#8220;center&#8220; header_fullscreen=&#8220;on&#8220; header_scroll_down=&#8220;on&#8220; scroll_down_icon=&#8220;%%0%%&#8220; scroll_down_icon_color=&#8220;#ffffff&#8220; background_overlay_color=&#8220;rgba(0,0,0,0.0)&#8220; _builder_version=&#8220;3.16&#8243; title_font=&#8220;Raleway Light||&#8220; title_text_color=&#8220;#ffffff&#8220; title_font_size=&#8220;70px&#8220; content_font=&#8220;|on|&#8220; content_text_color=&#8220;#cdbfa1&#8243; content_font_size=&#8220;16px&#8220; subhead_text_color=&#8220;#333333&#8243; background_color=&#8220;rgba(255,255,255,0.0)&#8220; parallax=&#8220;on&#8220; parallax_method=&#8220;on&#8220; background_layout=&#8220;light&#8220; saved_tabs=&#8220;all&#8220; button_one_text_size__hover_enabled=&#8220;off&#8220; button_two_text_size__hover_enabled=&#8220;off&#8220; button_one_text_color__hover_enabled=&#8220;off&#8220; button_two_text_color__hover_enabled=&#8220;off&#8220; button_one_border_width__hover_enabled=&#8220;off&#8220; button_two_border_width__hover_enabled=&#8220;off&#8220; button_one_border_color__hover_enabled=&#8220;off&#8220; button_two_border_color__hover_enabled=&#8220;off&#8220; button_one_border_radius__hover_enabled=&#8220;off&#8220; button_two_border_radius__hover_enabled=&#8220;off&#8220; button_one_letter_spacing__hover_enabled=&#8220;off&#8220; button_two_letter_spacing__hover_enabled=&#8220;off&#8220; button_one_bg_color__hover_enabled=&#8220;off&#8220; button_two_bg_color__hover_enabled=&#8220;off&#8220;]<\/p>\n<h4><span style=\"color: #ffffff; font-size: xx-large; font-family: inherit; font-weight: normal;\">Schreinerei<\/span><\/h4>\n<h2><span style=\"font-family: inherit; font-weight: normal; color: #ffffff; font-size: small;\">Schreinerei &#8211; Georg M\u00fcller<\/span><\/h2>\n<p>[\/et_pb_fullwidth_header][\/et_pb_section][et_pb_section fb_built=&#8220;1&#8243; _builder_version=&#8220;3.22&#8243;][et_pb_row _builder_version=&#8220;3.25&#8243; column_structure=&#8220;1_2,1_2&#8243;][et_pb_column type=&#8220;1_2&#8243; _builder_version=&#8220;3.25&#8243; custom_padding=&#8220;|||&#8220; custom_padding__hover=&#8220;|||&#8220;][et_pb_text _builder_version=&#8220;3.0.96&#8243;]<\/p>\n<p style=\"text-align: center;\"><span style=\"font-size: xx-large;\">Historie der Schreinerei<\/span><\/p>\n<p class=\"p1\"><strong>1921<\/strong> Umzug der Eheleute Franz und Gertrud Menden von Bad Honnef nach K\u00f6ln Merkenich in die Heimat von Frau Menden. Die erste Werkstatt befand sich in der Ringstra\u00dfe auf ca. 100 m2. Der Umzug in die Merkenicher Hauptstra\u00dfe 162 wurde 1926 durch das gro\u00dfe Rheinhochwasser verhindert. 1927 starb Franz Menden. Gertrud Menden f\u00fchrte die Firma bis zur Heirat mit Clemens M\u00fcller allein weiter.<\/p>\n<p class=\"p1\"><strong>1930<\/strong> \u00dcbernahm Clemens M\u00fcller die Gesch\u00e4fte, die aus Bau- und M\u00f6belschreinerei sowie Bestattungen bestanden.<\/p>\n<p class=\"p1\"><strong>1939<\/strong> Kriegsbeginn. Auch Clemens M\u00fcller wurde einberufen, hatte aber, da seine Schreinerei einem R\u00fcstungsbetrieb unterstand, die M\u00f6glichkeit zeitweise seinen Aufgaben in der Schreinerei nachzugehen.<\/p>\n<p>[\/et_pb_text][\/et_pb_column][et_pb_column type=&#8220;1_2&#8243; _builder_version=&#8220;3.25&#8243; custom_padding=&#8220;|||&#8220; custom_padding__hover=&#8220;|||&#8220;][et_pb_image src=&#8220;http:\/\/schreinereigeorgmueller.de\/wp-content\/uploads\/2018\/04\/DSC01056.jpg&#8220; align_tablet=&#8220;center&#8220; align_last_edited=&#8220;on|desktop&#8220; _builder_version=&#8220;3.23&#8243;][\/et_pb_image][\/et_pb_column][\/et_pb_row][et_pb_row _builder_version=&#8220;3.25&#8243; column_structure=&#8220;1_2,1_2&#8243;][et_pb_column type=&#8220;1_2&#8243; _builder_version=&#8220;3.25&#8243; custom_padding=&#8220;|||&#8220; custom_padding__hover=&#8220;|||&#8220;][et_pb_image src=&#8220;http:\/\/schreinereigeorgmueller.de\/wp-content\/uploads\/2018\/04\/DSC01094.jpg&#8220; align_tablet=&#8220;center&#8220; align_last_edited=&#8220;on|desktop&#8220; _builder_version=&#8220;3.23&#8243;][\/et_pb_image][\/et_pb_column][et_pb_column type=&#8220;1_2&#8243; _builder_version=&#8220;3.25&#8243; custom_padding=&#8220;|||&#8220; custom_padding__hover=&#8220;|||&#8220;][et_pb_text _builder_version=&#8220;3.26.3&#8243;]<\/p>\n<p class=\"p1\"><strong>1948<\/strong>\u00a0Kurz nach der W\u00e4hrungsreform, gelang es Clemens M\u00fcller einen Teil des stillgelegten T\u00f6nnishofes in der Merkenicher Hauptstra\u00dfe 96 zu erwerben. Aus den Kuhst\u00e4llen, die w\u00e4hrend des Krieges als Pferdelazarett genutzt worden waren, wurde die bis heute bestehende Werkstatt geschaffen. Eine der gr\u00f6\u00dften Auftraggeber war damals die Bayer AG in Leverkusen und deren Wohnungsbaugesellschaft. Auslieferungen erfolgten \u00fcber die F\u00e4hre in Merkenich mittels Handkarren. Bis in den 50er Jahren die Rheinbr\u00fccke nach Leverkusen erbaut wurde.<\/p>\n<p class=\"p1\"><strong>1950<\/strong> Gr\u00fcndete Vater Clemens, Sohn Bernhard und dessen Halbbruder Georg Menden eine GbR unter dem Firmennamen \u201eClemens M\u00fcller\u201c die Herstellung von Fenstern, T\u00fcren und M\u00f6beln jeder Art waren die Aufgabengebiete. Nach dem Tod von Clemens M\u00fcller 1982 und Georg Menden 1985 f\u00fchrte Bernhard M\u00fcller alleine weiter.<\/p>\n<p class=\"p1\"><strong>1993<\/strong> Bernhard M\u00fcller geht in den Ruhestand und \u00fcbergibt den Betrieb an Georg M\u00fcller und R\u00fcdiger Wernik. Arbeitsgebiete M\u00f6belbau, Inneneinrichtungen und Anfertigung von Sonderbauteilen.<\/p>\n<p>[\/et_pb_text][\/et_pb_column][\/et_pb_row][\/et_pb_section][et_pb_section fb_built=&#8220;1&#8243; _builder_version=&#8220;3.22&#8243;][et_pb_row _builder_version=&#8220;3.25&#8243;][et_pb_column type=&#8220;4_4&#8243; _builder_version=&#8220;3.25&#8243; custom_padding=&#8220;|||&#8220; custom_padding__hover=&#8220;|||&#8220;][et_pb_gallery gallery_ids=&#8220;28899,28898,28897,28896,28894,28892,28891,28890,28889,28888,28886&#8243; gallery_captions=&#8220;,,,,,,,,,,&#8220; posts_number=&#8220;80&#8243; show_title_and_caption=&#8220;off&#8220; show_pagination=&#8220;off&#8220; zoom_icon_color=&#8220;rgba(178,30,23,0)&#8220; hover_overlay_color=&#8220;rgba(255,255,255,0.4)&#8220; _builder_version=&#8220;3.0.96&#8243; caption_font=&#8220;||||||||&#8220;][\/et_pb_gallery][\/et_pb_column][\/et_pb_row][et_pb_row _builder_version=&#8220;3.25&#8243; column_structure=&#8220;1_3,1_3,1_3&#8243;][et_pb_column type=&#8220;1_3&#8243; _builder_version=&#8220;3.25&#8243; custom_padding=&#8220;|||&#8220; custom_padding__hover=&#8220;|||&#8220;][\/et_pb_column][et_pb_column type=&#8220;1_3&#8243; _builder_version=&#8220;3.25&#8243; custom_padding=&#8220;|||&#8220; custom_padding__hover=&#8220;|||&#8220;][\/et_pb_column][et_pb_column type=&#8220;1_3&#8243; _builder_version=&#8220;3.25&#8243; custom_padding=&#8220;|||&#8220; custom_padding__hover=&#8220;|||&#8220;][et_pb_button button_url=&#8220;http:\/\/schreinereigeorgmueller.de\/index.php\/startseite&#8220; button_text=&#8220;zur\u00fcck&#8220; _builder_version=&#8220;3.16&#8243; button_text_size__hover_enabled=&#8220;off&#8220; button_one_text_size__hover_enabled=&#8220;off&#8220; button_two_text_size__hover_enabled=&#8220;off&#8220; button_text_color__hover_enabled=&#8220;off&#8220; button_one_text_color__hover_enabled=&#8220;off&#8220; button_two_text_color__hover_enabled=&#8220;off&#8220; button_border_width__hover_enabled=&#8220;off&#8220; button_one_border_width__hover_enabled=&#8220;off&#8220; button_two_border_width__hover_enabled=&#8220;off&#8220; button_border_color__hover_enabled=&#8220;off&#8220; button_one_border_color__hover_enabled=&#8220;off&#8220; button_two_border_color__hover_enabled=&#8220;off&#8220; button_border_radius__hover_enabled=&#8220;off&#8220; button_one_border_radius__hover_enabled=&#8220;off&#8220; button_two_border_radius__hover_enabled=&#8220;off&#8220; button_letter_spacing__hover_enabled=&#8220;off&#8220; button_one_letter_spacing__hover_enabled=&#8220;off&#8220; button_two_letter_spacing__hover_enabled=&#8220;off&#8220; button_bg_color__hover_enabled=&#8220;off&#8220; button_one_bg_color__hover_enabled=&#8220;off&#8220; button_two_bg_color__hover_enabled=&#8220;off&#8220;][\/et_pb_button][\/et_pb_column][\/et_pb_row][\/et_pb_section][et_pb_section fb_built=&#8220;1&#8243; custom_padding_last_edited=&#8220;on|desktop&#8220; _builder_version=&#8220;3.22&#8243; background_color=&#8220;#61646c&#8220; custom_padding_tablet=&#8220;50px|0|50px|0&#8243; transparent_background=&#8220;off&#8220; padding_mobile=&#8220;off&#8220;][et_pb_row padding_mobile=&#8220;off&#8220; _builder_version=&#8220;3.25&#8243; background_color=&#8220;rgba(0,0,0,0)&#8220; background_size=&#8220;initial&#8220; background_position=&#8220;top_left&#8220; background_repeat=&#8220;repeat&#8220;][et_pb_column type=&#8220;4_4&#8243; _builder_version=&#8220;3.25&#8243; background_color=&#8220;rgba(0,0,0,0)&#8220; custom_padding=&#8220;|||&#8220; custom_padding__hover=&#8220;|||&#8220;][et_pb_text _builder_version=&#8220;3.0.87&#8243; text_text_color=&#8220;#d7d8d2&#8243; background_size=&#8220;initial&#8220; background_position=&#8220;top_left&#8220; background_repeat=&#8220;repeat&#8220; text_orientation=&#8220;center&#8220; module_alignment=&#8220;center&#8220; custom_css_main_element=&#8220;max-width: 680px; margin: auto;&#8220; use_border_color=&#8220;off&#8220; border_color=&#8220;#ffffff&#8220; border_style=&#8220;solid&#8220;]<\/p>\n<h2 style=\"color: #f5f5f2;\">Bei Fragen melden Sie sich gerne bei uns.<\/h2>\n<p>&nbsp;<\/p>\n<p>Telefonnummer: <strong>0221 970 12 46<\/strong><\/p>\n<p>E-Mail: <a href=\"mailto:%20schreinerei.mueller@netcologne.de\">schreinerei.mueller@netcologne.de<\/a><\/p>\n<p><a href=\"..\/impressum\">IMPRESSUM<\/a><br \/>\n[\/et_pb_text][\/et_pb_column][\/et_pb_row][\/et_pb_section]<\/p>\n","protected":false},"excerpt":{"rendered":"<p>Schreinerei Schreinerei &#8211; Georg M\u00fcller Historie der Schreinerei 1921 Umzug der Eheleute Franz und Gertrud Menden von Bad Honnef nach K\u00f6ln Merkenich in die Heimat von Frau Menden. Die erste Werkstatt befand sich in der Ringstra\u00dfe auf ca. 100 m2. Der Umzug in die Merkenicher Hauptstra\u00dfe 162 wurde 1926 durch das gro\u00dfe Rheinhochwasser verhindert. 1927 [&hellip;]<\/p>\n","protected":false},"author":1,"featured_media":0,"parent":0,"menu_order":0,"comment_status":"closed","ping_status":"closed","template":"","meta":{"_et_pb_use_builder":"on","_et_pb_old_content":"","_et_gb_content_width":"","footnotes":""},"class_list":["post-28878","page","type-page","status-publish","hentry"],"yoast_head":"<!-- This site is optimized with the Yoast SEO plugin v24.4 - https:\/\/yoast.com\/wordpress\/plugins\/seo\/ -->\n<title>Schreinerei - Schreinerei Georg M\u00fcller<\/title>\n<meta name=\"robots\" content=\"index, follow, max-snippet:-1, max-image-preview:large, max-video-preview:-1\" \/>\n<link rel=\"canonical\" href=\"https:\/\/schreinereigeorgmueller.de\/index.php\/schreinerei\/\" \/>\n<meta property=\"og:locale\" content=\"de_DE\" \/>\n<meta property=\"og:type\" content=\"article\" \/>\n<meta property=\"og:title\" content=\"Schreinerei - Schreinerei Georg M\u00fcller\" \/>\n<meta property=\"og:description\" content=\"Schreinerei Schreinerei - Georg M\u00fcller Historie der Schreinerei 1921 Umzug der Eheleute Franz und Gertrud Menden von Bad Honnef nach K\u00f6ln Merkenich in die Heimat von Frau Menden. Die erste Werkstatt befand sich in der Ringstra\u00dfe auf ca. 100 m2. Der Umzug in die Merkenicher Hauptstra\u00dfe 162 wurde 1926 durch das gro\u00dfe Rheinhochwasser verhindert. 1927 [&hellip;]\" \/>\n<meta property=\"og:url\" content=\"https:\/\/schreinereigeorgmueller.de\/index.php\/schreinerei\/\" \/>\n<meta property=\"og:site_name\" content=\"Schreinerei Georg M\u00fcller\" \/>\n<meta property=\"article:modified_time\" content=\"2019-07-27T09:15:20+00:00\" \/>\n<meta name=\"twitter:card\" content=\"summary_large_image\" \/>\n<meta name=\"twitter:label1\" content=\"Gesch\u00e4tzte Lesezeit\" \/>\n\t<meta name=\"twitter:data1\" content=\"6\u00a0Minuten\" \/>\n<script type=\"application\/ld+json\" class=\"yoast-schema-graph\">{\"@context\":\"https:\/\/schema.org\",\"@graph\":[{\"@type\":\"WebPage\",\"@id\":\"https:\/\/schreinereigeorgmueller.de\/index.php\/schreinerei\/\",\"url\":\"https:\/\/schreinereigeorgmueller.de\/index.php\/schreinerei\/\",\"name\":\"Schreinerei - Schreinerei Georg M\u00fcller\",\"isPartOf\":{\"@id\":\"https:\/\/schreinereigeorgmueller.de\/#website\"},\"datePublished\":\"2018-04-18T16:16:18+00:00\",\"dateModified\":\"2019-07-27T09:15:20+00:00\",\"breadcrumb\":{\"@id\":\"https:\/\/schreinereigeorgmueller.de\/index.php\/schreinerei\/#breadcrumb\"},\"inLanguage\":\"de\",\"potentialAction\":[{\"@type\":\"ReadAction\",\"target\":[\"https:\/\/schreinereigeorgmueller.de\/index.php\/schreinerei\/\"]}]},{\"@type\":\"BreadcrumbList\",\"@id\":\"https:\/\/schreinereigeorgmueller.de\/index.php\/schreinerei\/#breadcrumb\",\"itemListElement\":[{\"@type\":\"ListItem\",\"position\":1,\"name\":\"Startseite\",\"item\":\"https:\/\/schreinereigeorgmueller.de\/\"},{\"@type\":\"ListItem\",\"position\":2,\"name\":\"Schreinerei\"}]},{\"@type\":\"WebSite\",\"@id\":\"https:\/\/schreinereigeorgmueller.de\/#website\",\"url\":\"https:\/\/schreinereigeorgmueller.de\/\",\"name\":\"Schreinerei Georg M\u00fcller\",\"description\":\"Schreinerei M\u00fcller im K\u00f6lner Norden\",\"publisher\":{\"@id\":\"https:\/\/schreinereigeorgmueller.de\/#organization\"},\"potentialAction\":[{\"@type\":\"SearchAction\",\"target\":{\"@type\":\"EntryPoint\",\"urlTemplate\":\"https:\/\/schreinereigeorgmueller.de\/?s={search_term_string}\"},\"query-input\":{\"@type\":\"PropertyValueSpecification\",\"valueRequired\":true,\"valueName\":\"search_term_string\"}}],\"inLanguage\":\"de\"},{\"@type\":\"Organization\",\"@id\":\"https:\/\/schreinereigeorgmueller.de\/#organization\",\"name\":\"Schreinerei Georg M\u00fcller\",\"url\":\"https:\/\/schreinereigeorgmueller.de\/\",\"logo\":{\"@type\":\"ImageObject\",\"inLanguage\":\"de\",\"@id\":\"https:\/\/schreinereigeorgmueller.de\/#\/schema\/logo\/image\/\",\"url\":\"https:\/\/schreinereigeorgmueller.de\/wp-content\/uploads\/2018\/03\/logo_georg.png\",\"contentUrl\":\"https:\/\/schreinereigeorgmueller.de\/wp-content\/uploads\/2018\/03\/logo_georg.png\",\"width\":494,\"height\":85,\"caption\":\"Schreinerei Georg M\u00fcller\"},\"image\":{\"@id\":\"https:\/\/schreinereigeorgmueller.de\/#\/schema\/logo\/image\/\"}}]}<\/script>\n<!-- \/ Yoast SEO plugin. -->","yoast_head_json":{"title":"Schreinerei - Schreinerei Georg M\u00fcller","robots":{"index":"index","follow":"follow","max-snippet":"max-snippet:-1","max-image-preview":"max-image-preview:large","max-video-preview":"max-video-preview:-1"},"canonical":"https:\/\/schreinereigeorgmueller.de\/index.php\/schreinerei\/","og_locale":"de_DE","og_type":"article","og_title":"Schreinerei - Schreinerei Georg M\u00fcller","og_description":"Schreinerei Schreinerei - Georg M\u00fcller Historie der Schreinerei 1921 Umzug der Eheleute Franz und Gertrud Menden von Bad Honnef nach K\u00f6ln Merkenich in die Heimat von Frau Menden. Die erste Werkstatt befand sich in der Ringstra\u00dfe auf ca. 100 m2. Der Umzug in die Merkenicher Hauptstra\u00dfe 162 wurde 1926 durch das gro\u00dfe Rheinhochwasser verhindert. 1927 [&hellip;]","og_url":"https:\/\/schreinereigeorgmueller.de\/index.php\/schreinerei\/","og_site_name":"Schreinerei Georg M\u00fcller","article_modified_time":"2019-07-27T09:15:20+00:00","twitter_card":"summary_large_image","twitter_misc":{"Gesch\u00e4tzte Lesezeit":"6\u00a0Minuten"},"schema":{"@context":"https:\/\/schema.org","@graph":[{"@type":"WebPage","@id":"https:\/\/schreinereigeorgmueller.de\/index.php\/schreinerei\/","url":"https:\/\/schreinereigeorgmueller.de\/index.php\/schreinerei\/","name":"Schreinerei - Schreinerei Georg M\u00fcller","isPartOf":{"@id":"https:\/\/schreinereigeorgmueller.de\/#website"},"datePublished":"2018-04-18T16:16:18+00:00","dateModified":"2019-07-27T09:15:20+00:00","breadcrumb":{"@id":"https:\/\/schreinereigeorgmueller.de\/index.php\/schreinerei\/#breadcrumb"},"inLanguage":"de","potentialAction":[{"@type":"ReadAction","target":["https:\/\/schreinereigeorgmueller.de\/index.php\/schreinerei\/"]}]},{"@type":"BreadcrumbList","@id":"https:\/\/schreinereigeorgmueller.de\/index.php\/schreinerei\/#breadcrumb","itemListElement":[{"@type":"ListItem","position":1,"name":"Startseite","item":"https:\/\/schreinereigeorgmueller.de\/"},{"@type":"ListItem","position":2,"name":"Schreinerei"}]},{"@type":"WebSite","@id":"https:\/\/schreinereigeorgmueller.de\/#website","url":"https:\/\/schreinereigeorgmueller.de\/","name":"Schreinerei Georg M\u00fcller","description":"Schreinerei M\u00fcller im K\u00f6lner Norden","publisher":{"@id":"https:\/\/schreinereigeorgmueller.de\/#organization"},"potentialAction":[{"@type":"SearchAction","target":{"@type":"EntryPoint","urlTemplate":"https:\/\/schreinereigeorgmueller.de\/?s={search_term_string}"},"query-input":{"@type":"PropertyValueSpecification","valueRequired":true,"valueName":"search_term_string"}}],"inLanguage":"de"},{"@type":"Organization","@id":"https:\/\/schreinereigeorgmueller.de\/#organization","name":"Schreinerei Georg M\u00fcller","url":"https:\/\/schreinereigeorgmueller.de\/","logo":{"@type":"ImageObject","inLanguage":"de","@id":"https:\/\/schreinereigeorgmueller.de\/#\/schema\/logo\/image\/","url":"https:\/\/schreinereigeorgmueller.de\/wp-content\/uploads\/2018\/03\/logo_georg.png","contentUrl":"https:\/\/schreinereigeorgmueller.de\/wp-content\/uploads\/2018\/03\/logo_georg.png","width":494,"height":85,"caption":"Schreinerei Georg M\u00fcller"},"image":{"@id":"https:\/\/schreinereigeorgmueller.de\/#\/schema\/logo\/image\/"}}]}},"_links":{"self":[{"href":"https:\/\/schreinereigeorgmueller.de\/index.php\/wp-json\/wp\/v2\/pages\/28878","targetHints":{"allow":["GET"]}}],"collection":[{"href":"https:\/\/schreinereigeorgmueller.de\/index.php\/wp-json\/wp\/v2\/pages"}],"about":[{"href":"https:\/\/schreinereigeorgmueller.de\/index.php\/wp-json\/wp\/v2\/types\/page"}],"author":[{"embeddable":true,"href":"https:\/\/schreinereigeorgmueller.de\/index.php\/wp-json\/wp\/v2\/users\/1"}],"replies":[{"embeddable":true,"href":"https:\/\/schreinereigeorgmueller.de\/index.php\/wp-json\/wp\/v2\/comments?post=28878"}],"version-history":[{"count":11,"href":"https:\/\/schreinereigeorgmueller.de\/index.php\/wp-json\/wp\/v2\/pages\/28878\/revisions"}],"predecessor-version":[{"id":28978,"href":"https:\/\/schreinereigeorgmueller.de\/index.php\/wp-json\/wp\/v2\/pages\/28878\/revisions\/28978"}],"wp:attachment":[{"href":"https:\/\/schreinereigeorgmueller.de\/index.php\/wp-json\/wp\/v2\/media?parent=28878"}],"curies":[{"name":"wp","href":"https:\/\/api.w.org\/{rel}","templated":true}]}}